{"id":17,"date":"2025-07-22T20:03:24","date_gmt":"2025-07-22T20:03:24","guid":{"rendered":"https:\/\/correaodonto.com.br\/?page_id=17"},"modified":"2025-07-26T14:29:42","modified_gmt":"2025-07-26T14:29:42","slug":"doutorjoserenato","status":"publish","type":"page","link":"https:\/\/correaodonto.com.br\/index.php\/doutorjoserenato\/","title":{"rendered":"Dr. Jos\u00e9 Renato"},"content":{"rendered":"\t\t<div data-elementor-type=\"wp-page\" data-elementor-id=\"17\" class=\"elementor elementor-17\">\n\t\t\t\t<div class=\"elementor-element elementor-element-0ca48c7 e-flex e-con-boxed wpr-particle-no wpr-jarallax-no wpr-parallax-no wpr-sticky-section-no e-con e-parent\" data-id=\"0ca48c7\" data-element_type=\"container\" data-settings=\"{&quot;background_background&quot;:&quot;gradient&quot;}\">\n\t\t\t\t\t<div class=\"e-con-inner\">\n\t\t\t\t<div class=\"elementor-element elementor-element-dd16b0b elementor-widget elementor-widget-heading\" data-id=\"dd16b0b\" data-element_type=\"widget\" data-widget_type=\"heading.default\">\n\t\t\t\t\t<h2 class=\"elementor-heading-title elementor-size-default\">Dr. Jos\u00e9 Renato Corr\u00eaa da Silva<\/h2>\t\t\t\t<\/div>\n\t\t\t\t\t<\/div>\n\t\t\t\t<\/div>\n\t\t<div class=\"elementor-element elementor-element-8a27457 e-flex e-con-boxed wpr-particle-no wpr-jarallax-no wpr-parallax-no wpr-sticky-section-no e-con e-parent\" data-id=\"8a27457\" data-element_type=\"container\" data-settings=\"{&quot;background_background&quot;:&quot;classic&quot;}\">\n\t\t\t\t\t<div class=\"e-con-inner\">\n\t\t<div class=\"elementor-element elementor-element-1316b68 e-con-full e-flex wpr-particle-no wpr-jarallax-no wpr-parallax-no wpr-sticky-section-no e-con e-child\" data-id=\"1316b68\" data-element_type=\"container\">\n\t\t\t\t<div class=\"elementor-element elementor-element-73b3c09 elementor-invisible elementor-widget elementor-widget-heading\" data-id=\"73b3c09\" data-element_type=\"widget\" data-settings=\"{&quot;_animation&quot;:&quot;fadeInRight&quot;}\" data-widget_type=\"heading.default\">\n\t\t\t\t\t<h2 class=\"elementor-heading-title elementor-size-default\">Forma\u00e7\u00e3o<\/h2>\t\t\t\t<\/div>\n\t\t\t\t<div class=\"elementor-element elementor-element-f6253c6 animated-slow elementor-invisible elementor-widget elementor-widget-text-editor\" data-id=\"f6253c6\" data-element_type=\"widget\" data-settings=\"{&quot;_animation&quot;:&quot;fadeInRight&quot;}\" data-widget_type=\"text-editor.default\">\n\t\t\t\t\t\t\t\t\t<p>Dr. Jos\u00e9 Renato Corr\u00eaa da Silva, formado pela UNICAMP, tem cursos de especializa\u00e7\u00e3o e atualiza\u00e7\u00e3o em v\u00e1rias \u00e1reas da <strong>Odontologia.<\/strong><\/p><p><strong>Aperfei\u00e7oamento cir\u00fargico e prot\u00e9tico<\/strong><\/p><p>&#8211; Straumann Dental Implant System &#8211; 2005<\/p><p><strong>Especializa\u00e7\u00e3o em Endodontia<\/strong><\/p><p>&#8211; Faculdade de Ondontologia de Piracicaba (UNICAMP) &#8211; 1983<\/p><p><strong>Aperfei\u00e7oamento em Implantodontia<\/strong><\/p><p>&#8211; Associa\u00e7\u00e3o Paulista de Cirurgi\u00f5es Dentistas Regional de Limeira &#8211; 2005<\/p><p><strong>Aperfei\u00e7oamento em Cirurgias Avan\u00e7adas<\/strong><\/p><p>&#8211; Associa\u00e7\u00e3o Paulista de Cirurgi\u00f5es Dentistas Regional de Limeira &#8211; 2010<\/p><p><strong>Cirurgia Pl\u00e1stica Periodontal<\/strong><\/p><p>&#8211; Associa\u00e7\u00e3o dos Cirurgi\u00f5es Dentistas de Campinas &#8211; 2007<\/p><p><strong>Especializa\u00e7\u00e3o em Dent\u00edstica Restauradora<\/strong><\/p><p>&#8211; Associa\u00e7\u00e3o dos Cirurgi\u00f5es Dentistas de Campinas &#8211; 1996<\/p><p><strong>Gradua\u00e7\u00e3o em Odontologia<\/strong><\/p><p>&#8211; Universidade Estadual de Campinas (UNICAMP) &#8211; 1977<\/p>\t\t\t\t\t\t\t\t<\/div>\n\t\t\t\t<div class=\"elementor-element elementor-element-2d20d57 animated-slow elementor-invisible elementor-widget elementor-widget-button\" data-id=\"2d20d57\" data-element_type=\"widget\" data-settings=\"{&quot;_animation&quot;:&quot;fadeInRight&quot;}\" data-widget_type=\"button.default\">\n\t\t\t\t\t\t\t\t\t\t<a class=\"elementor-button elementor-button-link elementor-size-sm elementor-animation-float\" href=\"https:\/\/wa.me\/+5519995315959?text=Venho%20atrav%C3%A9s%20do%20site%20e%20gostaria%20de%20saber%20mais%20informa%C3%A7%C3%B5es.\">\n\t\t\t\t\t\t<span class=\"elementor-button-content-wrapper\">\n\t\t\t\t\t\t\t\t\t<span class=\"elementor-button-text\">Agendar consulta<\/span>\n\t\t\t\t\t<\/span>\n\t\t\t\t\t<\/a>\n\t\t\t\t\t\t\t\t<\/div>\n\t\t\t\t<\/div>\n\t\t<div class=\"elementor-element elementor-element-f55614c e-con-full e-flex wpr-particle-no wpr-jarallax-no wpr-parallax-no wpr-sticky-section-no e-con e-child\" data-id=\"f55614c\" data-element_type=\"container\">\n\t\t\t\t<div class=\"elementor-element elementor-element-768f540 animated-slow elementor-invisible elementor-widget elementor-widget-image\" data-id=\"768f540\" data-element_type=\"widget\" data-settings=\"{&quot;_animation&quot;:&quot;fadeInRight&quot;}\" data-widget_type=\"image.default\">\n\t\t\t\t\t\t\t\t\t\t\t\t\t\t\t<img fetchpriority=\"high\" decoding=\"async\" width=\"701\" height=\"1024\" src=\"https:\/\/correaodonto.com.br\/wp-content\/uploads\/2025\/07\/correaodontologiafoto13-701x1024.jpg\" class=\"elementor-animation-float attachment-large size-large wp-image-157\" alt=\"\" srcset=\"https:\/\/correaodonto.com.br\/wp-content\/uploads\/2025\/07\/correaodontologiafoto13-701x1024.jpg 701w, https:\/\/correaodonto.com.br\/wp-content\/uploads\/2025\/07\/correaodontologiafoto13-205x300.jpg 205w, https:\/\/correaodonto.com.br\/wp-content\/uploads\/2025\/07\/correaodontologiafoto13-768x1122.jpg 768w, https:\/\/correaodonto.com.br\/wp-content\/uploads\/2025\/07\/correaodontologiafoto13-1052x1536.jpg 1052w, https:\/\/correaodonto.com.br\/wp-content\/uploads\/2025\/07\/correaodontologiafoto13.jpg 1299w\" sizes=\"(max-width: 701px) 100vw, 701px\" \/>\t\t\t\t\t\t\t\t\t\t\t\t\t\t\t<\/div>\n\t\t\t\t<\/div>\n\t\t\t\t\t<\/div>\n\t\t\t\t<\/div>\n\t\t\t\t<\/div>\n\t\t","protected":false},"excerpt":{"rendered":"<p>Dr. Jos\u00e9 Renato Corr\u00eaa da Silva Forma\u00e7\u00e3o Dr. Jos\u00e9 Renato Corr\u00eaa da Silva, formado pela UNICAMP, tem cursos de especializa\u00e7\u00e3o e atualiza\u00e7\u00e3o em v\u00e1rias \u00e1reas da Odontologia. Aperfei\u00e7oamento cir\u00fargico e prot\u00e9tico &#8211; Straumann Dental Implant System &#8211; 2005 Especializa\u00e7\u00e3o em Endodontia &#8211; Faculdade de Ondontologia de Piracicaba (UNICAMP) &#8211; 1983 Aperfei\u00e7oamento em Implantodontia &#8211; Associa\u00e7\u00e3o Paulista de Cirurgi\u00f5es Dentistas Regional de Limeira &#8211; 2005 Aperfei\u00e7oamento em Cirurgias Avan\u00e7adas &#8211; Associa\u00e7\u00e3o Paulista de Cirurgi\u00f5es Dentistas Regional de Limeira &#8211; 2010 Cirurgia Pl\u00e1stica Periodontal &#8211; Associa\u00e7\u00e3o dos Cirurgi\u00f5es Dentistas de Campinas &#8211; 2007 Especializa\u00e7\u00e3o em Dent\u00edstica Restauradora &#8211; Associa\u00e7\u00e3o dos Cirurgi\u00f5es Dentistas de Campinas &#8211; 1996 Gradua\u00e7\u00e3o em Odontologia &#8211; Universidade Estadual de Campinas (UNICAMP) &#8211; 1977 Agendar consulta<\/p>\n","protected":false},"author":1,"featured_media":0,"parent":0,"menu_order":0,"comment_status":"closed","ping_status":"closed","template":"elementor_canvas","meta":{"_joinchat":[],"footnotes":""},"class_list":["post-17","page","type-page","status-publish","hentry"],"_links":{"self":[{"href":"https:\/\/correaodonto.com.br\/index.php\/wp-json\/wp\/v2\/pages\/17","targetHints":{"allow":["GET"]}}],"collection":[{"href":"https:\/\/correaodonto.com.br\/index.php\/wp-json\/wp\/v2\/pages"}],"about":[{"href":"https:\/\/correaodonto.com.br\/index.php\/wp-json\/wp\/v2\/types\/page"}],"author":[{"embeddable":true,"href":"https:\/\/correaodonto.com.br\/index.php\/wp-json\/wp\/v2\/users\/1"}],"replies":[{"embeddable":true,"href":"https:\/\/correaodonto.com.br\/index.php\/wp-json\/wp\/v2\/comments?post=17"}],"version-history":[{"count":38,"href":"https:\/\/correaodonto.com.br\/index.php\/wp-json\/wp\/v2\/pages\/17\/revisions"}],"predecessor-version":[{"id":494,"href":"https:\/\/correaodonto.com.br\/index.php\/wp-json\/wp\/v2\/pages\/17\/revisions\/494"}],"wp:attachment":[{"href":"https:\/\/correaodonto.com.br\/index.php\/wp-json\/wp\/v2\/media?parent=17"}],"curies":[{"name":"wp","href":"https:\/\/api.w.org\/{rel}","templated":true}]}}